{"id":1447,"date":"2020-12-19T19:19:42","date_gmt":"2020-12-19T18:19:42","guid":{"rendered":"https:\/\/fooda.bz.it\/kontakt\/"},"modified":"2025-08-01T12:47:25","modified_gmt":"2025-08-01T10:47:25","slug":"kontakt","status":"publish","type":"page","link":"https:\/\/fooda.bz.it\/de\/kontakt\/","title":{"rendered":"Kontakt"},"content":{"rendered":"<p>[et_pb_section fb_built=&#8220;1&#8243; fullwidth=&#8220;on&#8220; _builder_version=&#8220;4.16&#8243; _module_preset=&#8220;default&#8220; background_color=&#8220;#000000&#8243; background_image=&#8220;https:\/\/fooda.bz.it\/wp-content\/uploads\/2020\/12\/fooda_team.jpg&#8220; global_colors_info=&#8220;{}&#8220;][et_pb_fullwidth_header title=&#8220;Kontakt&#8220; subhead=&#8220;Wir freuen uns auf Sie!&#8220; button_one_url=&#8220;#menu&#8220; button_two_url=&#8220;#opening&#8220; content_max_width=&#8220;600px&#8220; _builder_version=&#8220;4.16&#8243; _module_preset=&#8220;default&#8220; title_font=&#8220;|300||on|||||&#8220; title_font_size=&#8220;72px&#8220; content_text_color=&#8220;rgba(255,255,255,0.39)&#8220; content_font_size=&#8220;39px&#8220; subhead_font_size=&#8220;28px&#8220; subhead_line_height=&#8220;1.4em&#8220; content_link_text_color=&#8220;rgba(255,255,255,0.5)&#8220; background_color=&#8220;#de9e4c&#8220; background_enable_color=&#8220;off&#8220; use_background_color_gradient=&#8220;on&#8220; background_color_gradient_direction=&#8220;90deg&#8220; background_color_gradient_stops=&#8220;#000000 25%|rgba(10,2,3,0) 75%&#8220; background_color_gradient_start=&#8220;#000000&#8243; background_color_gradient_start_position=&#8220;25%&#8220; background_color_gradient_end=&#8220;rgba(10,2,3,0)&#8220; background_color_gradient_end_position=&#8220;75%&#8220; custom_button_one=&#8220;on&#8220; button_one_border_radius=&#8220;100px&#8220; button_one_custom_padding=&#8220;|40px||40px|false|false&#8220; custom_button_two=&#8220;on&#8220; button_two_text_color=&#8220;#de9e4c&#8220; button_two_border_radius=&#8220;100px&#8220; button_two_custom_padding=&#8220;|40px||40px|false|false&#8220; custom_padding=&#8220;130px||130px||true|false&#8220; custom_padding_tablet=&#8220;120px||120px||false|false&#8220; custom_padding_phone=&#8220;40px||40px||false|false&#8220; custom_padding_last_edited=&#8220;on|desktop&#8220; title_font_size_tablet=&#8220;&#8220; title_font_size_phone=&#8220;48px&#8220; title_font_size_last_edited=&#8220;on|phone&#8220; subhead_font_size_tablet=&#8220;&#8220; subhead_font_size_phone=&#8220;22px&#8220; subhead_font_size_last_edited=&#8220;on|phone&#8220; background_last_edited=&#8220;on|phone&#8220; background_enable_color_tablet=&#8220;off&#8220; background_enable_color_phone=&#8220;off&#8220; background_color_gradient_stops_phone=&#8220;#000000 25%|rgba(10,2,3,0.2) 75%&#8220; background_color_gradient_end_phone=&#8220;rgba(10,2,3,0.2)&#8220; custom_css_subtitle=&#8220;margin:20px 0 40px;&#8220; global_colors_info=&#8220;{}&#8220; button_two_text_color__hover_enabled=&#8220;on|hover&#8220; button_two_text_color__hover=&#8220;#ffffff&#8220; button_two_bg_color__hover_enabled=&#8220;on|hover&#8220; button_two_bg_color__hover=&#8220;#de9e4c&#8220; button_two_bg_enable_color__hover=&#8220;on&#8220; button_two_border_color__hover_enabled=&#8220;on|hover&#8220; button_two_border_color__hover=&#8220;#de9e4c&#8220; button_one_bg_color__hover_enabled=&#8220;on|hover&#8220; button_one_bg_color__hover=&#8220;#ffffff&#8220; button_one_bg_enable_color__hover=&#8220;on&#8220; button_one_text_color__hover_enabled=&#8220;on|hover&#8220; button_one_text_color__hover=&#8220;#000000&#8243; background_color__hover=&#8220;#de9e4c&#8220; background_color__hover_tablet=&#8220;#de9e4c&#8220; background_color__hover_phone=&#8220;#de9e4c&#8220;][\/et_pb_fullwidth_header][\/et_pb_section][et_pb_section fb_built=&#8220;1&#8243; _builder_version=&#8220;4.16&#8243; _module_preset=&#8220;default&#8220; background_color=&#8220;#312620&#8243; use_background_color_gradient=&#8220;on&#8220; background_color_gradient_stops=&#8220;#261d16 0%|#382b23 100%&#8220; background_color_gradient_start=&#8220;#261d16&#8243; background_color_gradient_end=&#8220;#382b23&#8243; custom_padding=&#8220;100px||100px||false|false&#8220; locked=&#8220;off&#8220; global_colors_info=&#8220;{}&#8220;][et_pb_row column_structure=&#8220;1_3,1_3,1_3&#8243; _builder_version=&#8220;4.16&#8243; _module_preset=&#8220;default&#8220; custom_padding=&#8220;0px|||||&#8220; locked=&#8220;off&#8220; global_colors_info=&#8220;{}&#8220;][et_pb_column type=&#8220;1_3&#8243; _builder_version=&#8220;4.16&#8243; _module_preset=&#8220;default&#8220; global_colors_info=&#8220;{}&#8220;][et_pb_text _builder_version=&#8220;4.16&#8243; text_text_color=&#8220;rgba(255,207,154,0.7)&#8220; header_2_font=&#8220;|300||on|||||&#8220; header_2_text_color=&#8220;#ffebd6&#8243; header_2_font_size=&#8220;46px&#8220; header_2_line_height=&#8220;1.4em&#8220; header_3_font=&#8220;|||on|||||&#8220; header_3_text_color=&#8220;#ffebd6&#8243; header_3_font_size=&#8220;26px&#8220; header_3_line_height=&#8220;1.4em&#8220; custom_margin=&#8220;||||false|false&#8220; animation_direction=&#8220;bottom&#8220; header_2_font_size_tablet=&#8220;&#8220; header_2_font_size_phone=&#8220;36px&#8220; header_2_font_size_last_edited=&#8220;on|phone&#8220; locked=&#8220;off&#8220; global_colors_info=&#8220;{}&#8220;]<\/p>\n<h3>Adresse<\/h3>\n<p><\/p>\n<p>Meinhardstra\u00dfe 9 |\u00a039012 Meran BZ <br \/><a style=\"font-size: 18px;\" href=\"https:\/\/goo.gl\/maps\/xoWyNv4bjRgUyc4i7\" target=\"_blank\" rel=\"noopener noreferrer\">Zur Karte \u2192<\/a><\/p>\n<p>[\/et_pb_text][\/et_pb_column][et_pb_column type=&#8220;1_3&#8243; _builder_version=&#8220;4.16&#8243; _module_preset=&#8220;default&#8220; global_colors_info=&#8220;{}&#8220;][et_pb_text _builder_version=&#8220;4.16&#8243; text_text_color=&#8220;rgba(255,207,154,0.7)&#8220; header_2_font=&#8220;|300||on|||||&#8220; header_2_text_color=&#8220;#ffebd6&#8243; header_2_font_size=&#8220;46px&#8220; header_2_line_height=&#8220;1.4em&#8220; header_3_font=&#8220;|||on|||||&#8220; header_3_text_color=&#8220;#ffebd6&#8243; header_3_font_size=&#8220;26px&#8220; header_3_line_height=&#8220;1.4em&#8220; custom_margin=&#8220;||||false|false&#8220; animation_direction=&#8220;bottom&#8220; header_2_font_size_tablet=&#8220;&#8220; header_2_font_size_phone=&#8220;36px&#8220; header_2_font_size_last_edited=&#8220;on|phone&#8220; locked=&#8220;off&#8220; global_colors_info=&#8220;{}&#8220;]<\/p>\n<h3>Kontakte<\/h3>\n<p><\/p>\n<p>Tel.\u00a0<a href=\"tel:0473%20691662\" target=\"_top\" rel=\"noopener\">0473 691662<\/a><\/p>\n<p>[\/et_pb_text][\/et_pb_column][et_pb_column type=&#8220;1_3&#8243; _builder_version=&#8220;4.16&#8243; _module_preset=&#8220;default&#8220; global_colors_info=&#8220;{}&#8220;][et_pb_text _builder_version=&#8220;4.27.4&#8243; text_text_color=&#8220;rgba(255,207,154,0.7)&#8220; header_2_font=&#8220;|300||on|||||&#8220; header_2_text_color=&#8220;#ffebd6&#8243; header_2_font_size=&#8220;46px&#8220; header_2_line_height=&#8220;1.4em&#8220; header_3_font=&#8220;|||on|||||&#8220; header_3_text_color=&#8220;#ffebd6&#8243; header_3_font_size=&#8220;26px&#8220; header_3_line_height=&#8220;1.4em&#8220; custom_margin=&#8220;||||false|false&#8220; animation_direction=&#8220;bottom&#8220; hover_enabled=&#8220;0&#8243; header_2_font_size_tablet=&#8220;&#8220; header_2_font_size_phone=&#8220;36px&#8220; header_2_font_size_last_edited=&#8220;on|phone&#8220; locked=&#8220;off&#8220; global_colors_info=&#8220;{}&#8220; sticky_enabled=&#8220;0&#8243;]<\/p>\n<h3>\u00d6FFNUNGSZEITEN<\/h3>\n<p><\/p>\n<p><strong>Donnerstag &#8211; Dienstag<br \/><\/strong>12:00 &#8211; 14:30 | 18:00 &#8211; 22:30<\/p>\n<p><\/p>\n<p><strong>Mittwoch<\/strong>: Ruhetag<\/p>\n<p><\/p>\n<p><strong>K\u00fcchenzeiten<\/strong><br \/>12:00 \u2013 14:15 \/ 18:00 \u2013 22:00<br \/>Sonntags schlie\u00dft die K\u00fcche bereits um 21:30 Uhr.<\/p>\n<p>[\/et_pb_text][\/et_pb_column][\/et_pb_row][et_pb_row _builder_version=&#8220;4.16&#8243; _module_preset=&#8220;default&#8220; custom_margin=&#8220;20px||||false|false&#8220; global_colors_info=&#8220;{}&#8220;][et_pb_column type=&#8220;4_4&#8243; _builder_version=&#8220;4.16&#8243; _module_preset=&#8220;default&#8220; global_colors_info=&#8220;{}&#8220;][et_pb_text _builder_version=&#8220;4.16&#8243; text_text_color=&#8220;rgba(255,207,154,0.7)&#8220; header_2_font=&#8220;|300||on|||||&#8220; header_2_text_color=&#8220;#ffebd6&#8243; header_2_font_size=&#8220;46px&#8220; header_2_line_height=&#8220;1.4em&#8220; header_3_font=&#8220;|||on|||||&#8220; header_3_text_color=&#8220;#ffebd6&#8243; header_3_font_size=&#8220;26px&#8220; header_3_line_height=&#8220;1.4em&#8220; custom_margin=&#8220;||||false|false&#8220; animation_direction=&#8220;bottom&#8220; header_2_font_size_tablet=&#8220;&#8220; header_2_font_size_phone=&#8220;36px&#8220; header_2_font_size_last_edited=&#8220;on|phone&#8220; locked=&#8220;off&#8220; global_colors_info=&#8220;{}&#8220;]<\/p>\n<p>Um einen Tisch zu reservieren, k\u00f6nnen Sie in den folgenden Uhrzeiten anrufen:<br \/>10:30 &#8211; 14:30 | 17:30 &#8211; 22:30<\/p>\n<p>[\/et_pb_text][\/et_pb_column][\/et_pb_row][\/et_pb_section]<\/p>\n","protected":false},"excerpt":{"rendered":"<p>AdresseMeinhardstra\u00dfe 9 |\u00a039012 Meran BZ Zur Karte \u2192KontakteTel.\u00a00473 691662\u00d6FFNUNGSZEITENDonnerstag &#8211; Dienstag12:00 &#8211; 14:30 | 18:00 &#8211; 22:30Mittwoch: RuhetagK\u00fcchenzeiten12:00 \u2013 14:15 \/ 18:00 \u2013 22:00Sonntags schlie\u00dft die K\u00fcche bereits um 21:30 Uhr.Um einen Tisch zu reservieren, k\u00f6nnen Sie in den folgenden Uhrzeiten anrufen:10:30 &#8211; 14:30 | 17:30 &#8211; 22:30<\/p>\n","protected":false},"author":1,"featured_media":0,"parent":0,"menu_order":0,"comment_status":"closed","ping_status":"closed","template":"","meta":{"_et_pb_use_builder":"on","_et_pb_old_content":"","_et_gb_content_width":"","footnotes":""},"class_list":["post-1447","page","type-page","status-publish","hentry"],"yoast_head":"<!-- This site is optimized with the Yoast SEO plugin v27.5 - https:\/\/yoast.com\/product\/yoast-seo-wordpress\/ -->\n<title>Restaurant Kontakte - Fooda<\/title>\n<meta name=\"robots\" content=\"index, follow, max-snippet:-1, max-image-preview:large, max-video-preview:-1\" \/>\n<link rel=\"canonical\" href=\"https:\/\/fooda.bz.it\/de\/kontakt\/\" \/>\n<meta property=\"og:locale\" content=\"de_DE\" \/>\n<meta property=\"og:type\" content=\"article\" \/>\n<meta property=\"og:title\" content=\"Restaurant Kontakte - Fooda\" \/>\n<meta property=\"og:description\" content=\"AdresseMeinhardstra\u00dfe 9 |\u00a039012 Meran BZ Zur Karte \u2192KontakteTel.\u00a00473 691662\u00d6FFNUNGSZEITENDonnerstag - Dienstag12:00 - 14:30 | 18:00 - 22:30Mittwoch: RuhetagK\u00fcchenzeiten12:00 \u2013 14:15 \/ 18:00 \u2013 22:00Sonntags schlie\u00dft die K\u00fcche bereits um 21:30 Uhr.Um einen Tisch zu reservieren, k\u00f6nnen Sie in den folgenden Uhrzeiten anrufen:10:30 - 14:30 | 17:30 - 22:30\" \/>\n<meta property=\"og:url\" content=\"https:\/\/fooda.bz.it\/de\/kontakt\/\" \/>\n<meta property=\"og:site_name\" content=\"Fooda\" \/>\n<meta property=\"article:modified_time\" content=\"2025-08-01T10:47:25+00:00\" \/>\n<meta name=\"twitter:card\" content=\"summary_large_image\" \/>\n<meta name=\"twitter:label1\" content=\"Gesch\u00e4tzte Lesezeit\" \/>\n\t<meta name=\"twitter:data1\" content=\"4\u00a0Minuten\" \/>\n<script type=\"application\/ld+json\" class=\"yoast-schema-graph\">{\"@context\":\"https:\\\/\\\/schema.org\",\"@graph\":[{\"@type\":\"WebPage\",\"@id\":\"https:\\\/\\\/fooda.bz.it\\\/de\\\/kontakt\\\/\",\"url\":\"https:\\\/\\\/fooda.bz.it\\\/de\\\/kontakt\\\/\",\"name\":\"Restaurant Kontakte - Fooda\",\"isPartOf\":{\"@id\":\"https:\\\/\\\/fooda.bz.it\\\/de\\\/#website\"},\"datePublished\":\"2020-12-19T18:19:42+00:00\",\"dateModified\":\"2025-08-01T10:47:25+00:00\",\"breadcrumb\":{\"@id\":\"https:\\\/\\\/fooda.bz.it\\\/de\\\/kontakt\\\/#breadcrumb\"},\"inLanguage\":\"de\",\"potentialAction\":[{\"@type\":\"ReadAction\",\"target\":[\"https:\\\/\\\/fooda.bz.it\\\/de\\\/kontakt\\\/\"]}]},{\"@type\":\"BreadcrumbList\",\"@id\":\"https:\\\/\\\/fooda.bz.it\\\/de\\\/kontakt\\\/#breadcrumb\",\"itemListElement\":[{\"@type\":\"ListItem\",\"position\":1,\"name\":\"Home\",\"item\":\"https:\\\/\\\/fooda.bz.it\\\/de\\\/\"},{\"@type\":\"ListItem\",\"position\":2,\"name\":\"Kontakt\"}]},{\"@type\":\"WebSite\",\"@id\":\"https:\\\/\\\/fooda.bz.it\\\/de\\\/#website\",\"url\":\"https:\\\/\\\/fooda.bz.it\\\/de\\\/\",\"name\":\"Fooda\",\"description\":\"Ristorante Orientale a Merano\",\"potentialAction\":[{\"@type\":\"SearchAction\",\"target\":{\"@type\":\"EntryPoint\",\"urlTemplate\":\"https:\\\/\\\/fooda.bz.it\\\/de\\\/?s={search_term_string}\"},\"query-input\":{\"@type\":\"PropertyValueSpecification\",\"valueRequired\":true,\"valueName\":\"search_term_string\"}}],\"inLanguage\":\"de\"}]}<\/script>\n<!-- \/ Yoast SEO plugin. -->","yoast_head_json":{"title":"Restaurant Kontakte - Fooda","robots":{"index":"index","follow":"follow","max-snippet":"max-snippet:-1","max-image-preview":"max-image-preview:large","max-video-preview":"max-video-preview:-1"},"canonical":"https:\/\/fooda.bz.it\/de\/kontakt\/","og_locale":"de_DE","og_type":"article","og_title":"Restaurant Kontakte - Fooda","og_description":"AdresseMeinhardstra\u00dfe 9 |\u00a039012 Meran BZ Zur Karte \u2192KontakteTel.\u00a00473 691662\u00d6FFNUNGSZEITENDonnerstag - Dienstag12:00 - 14:30 | 18:00 - 22:30Mittwoch: RuhetagK\u00fcchenzeiten12:00 \u2013 14:15 \/ 18:00 \u2013 22:00Sonntags schlie\u00dft die K\u00fcche bereits um 21:30 Uhr.Um einen Tisch zu reservieren, k\u00f6nnen Sie in den folgenden Uhrzeiten anrufen:10:30 - 14:30 | 17:30 - 22:30","og_url":"https:\/\/fooda.bz.it\/de\/kontakt\/","og_site_name":"Fooda","article_modified_time":"2025-08-01T10:47:25+00:00","twitter_card":"summary_large_image","twitter_misc":{"Gesch\u00e4tzte Lesezeit":"4\u00a0Minuten"},"schema":{"@context":"https:\/\/schema.org","@graph":[{"@type":"WebPage","@id":"https:\/\/fooda.bz.it\/de\/kontakt\/","url":"https:\/\/fooda.bz.it\/de\/kontakt\/","name":"Restaurant Kontakte - Fooda","isPartOf":{"@id":"https:\/\/fooda.bz.it\/de\/#website"},"datePublished":"2020-12-19T18:19:42+00:00","dateModified":"2025-08-01T10:47:25+00:00","breadcrumb":{"@id":"https:\/\/fooda.bz.it\/de\/kontakt\/#breadcrumb"},"inLanguage":"de","potentialAction":[{"@type":"ReadAction","target":["https:\/\/fooda.bz.it\/de\/kontakt\/"]}]},{"@type":"BreadcrumbList","@id":"https:\/\/fooda.bz.it\/de\/kontakt\/#breadcrumb","itemListElement":[{"@type":"ListItem","position":1,"name":"Home","item":"https:\/\/fooda.bz.it\/de\/"},{"@type":"ListItem","position":2,"name":"Kontakt"}]},{"@type":"WebSite","@id":"https:\/\/fooda.bz.it\/de\/#website","url":"https:\/\/fooda.bz.it\/de\/","name":"Fooda","description":"Ristorante Orientale a Merano","potentialAction":[{"@type":"SearchAction","target":{"@type":"EntryPoint","urlTemplate":"https:\/\/fooda.bz.it\/de\/?s={search_term_string}"},"query-input":{"@type":"PropertyValueSpecification","valueRequired":true,"valueName":"search_term_string"}}],"inLanguage":"de"}]}},"_links":{"self":[{"href":"https:\/\/fooda.bz.it\/de\/wp-json\/wp\/v2\/pages\/1447","targetHints":{"allow":["GET"]}}],"collection":[{"href":"https:\/\/fooda.bz.it\/de\/wp-json\/wp\/v2\/pages"}],"about":[{"href":"https:\/\/fooda.bz.it\/de\/wp-json\/wp\/v2\/types\/page"}],"author":[{"embeddable":true,"href":"https:\/\/fooda.bz.it\/de\/wp-json\/wp\/v2\/users\/1"}],"replies":[{"embeddable":true,"href":"https:\/\/fooda.bz.it\/de\/wp-json\/wp\/v2\/comments?post=1447"}],"version-history":[{"count":37,"href":"https:\/\/fooda.bz.it\/de\/wp-json\/wp\/v2\/pages\/1447\/revisions"}],"predecessor-version":[{"id":2618,"href":"https:\/\/fooda.bz.it\/de\/wp-json\/wp\/v2\/pages\/1447\/revisions\/2618"}],"wp:attachment":[{"href":"https:\/\/fooda.bz.it\/de\/wp-json\/wp\/v2\/media?parent=1447"}],"curies":[{"name":"wp","href":"https:\/\/api.w.org\/{rel}","templated":true}]}}